{"id":3618,"date":"2022-09-28T16:54:38","date_gmt":"2022-09-28T14:54:38","guid":{"rendered":"https:\/\/i-bau.es\/deutsch\/wp-content\/uploads\/sites\/2\/2018\/12\/MIO_1.jpg"},"modified":"2022-09-28T17:38:32","modified_gmt":"2022-09-28T15:38:32","slug":"mio_1-2","status":"inherit","type":"attachment","link":"https:\/\/i-bau.es\/deutsch\/projekte\/wohnen\/mio\/mio_1-2\/","title":{"rendered":"MIO_1"},"author":4,"featured_media":0,"comment_status":"open","ping_status":"closed","template":"","meta":{"_et_pb_use_builder":"","_et_pb_old_content":"","_et_gb_content_width":""},"class_list":["post-3618","attachment","type-attachment","status-inherit","hentry"],"yoast_head":"<!-- This site is optimized with the Yoast SEO plugin v26.9 - https:\/\/yoast.com\/product\/yoast-seo-wordpress\/ -->\n<title>MIO_1 - i-bau Architekten<\/title>\n<meta name=\"robots\" content=\"index, follow, max-snippet:-1, max-image-preview:large, max-video-preview:-1\" \/>\n<link rel=\"canonical\" href=\"https:\/\/i-bau.es\/deutsch\/wp-content\/uploads\/sites\/2\/2018\/12\/MIO_1.jpg\" \/>\n<meta property=\"og:locale\" content=\"de_DE\" \/>\n<meta property=\"og:type\" content=\"article\" \/>\n<meta property=\"og:title\" content=\"MIO_1 - i-bau Architekten\" \/>\n<meta property=\"og:description\" content=\"Bildmaterial (Honorarfrei, bei Quellenangabe) S\u00e4mtliche Bilder dieser Serie stehen zur honorarfreien Verwendung zur Verf\u00fcgung. Bedingung ist die Nennung des Copyrights: Foto Marco Richter oder www.mallorco.com f\u00fcr unterlassene, unvollst\u00e4ndig, falsch platzierte oder nicht zuordnungsf\u00e4hige Urhebervermerke ist f\u00fcr jeden Einzelfall eine Vertragsstrafe in H\u00f6he des f\u00fcnffachen Nutzungshonorars zu zahlen, vorbehaltlich weitergehender Schadensersatzanspr\u00fcche.!!!Ebenso ist der Weiterverkauf des Bildmaterials an Dritte ohne ausdr\u00fcckliche Genehmigung von Marco Richter (Mallorco Photography) untersagt. Diese Regelung gilt auch bei jeglicher unberechtigt (ohne Zustimmung durch den Fotograf Marco Richter (Mallorco Photography) erfolgten Nutzung, Verwendung, Wiedergabe oder Weitergabe des Bildmaterials.\" \/>\n<meta property=\"og:url\" content=\"https:\/\/i-bau.es\/deutsch\/wp-content\/uploads\/sites\/2\/2018\/12\/MIO_1.jpg\" \/>\n<meta property=\"og:site_name\" content=\"i-bau Architekten\" \/>\n<meta property=\"article:modified_time\" content=\"2022-09-28T15:38:32+00:00\" \/>\n<meta property=\"og:image\" content=\"https:\/\/i-bau.es\/deutsch\/wp-content\/uploads\/sites\/2\/2018\/12\/MIO_1.jpg\" \/>\n\t<meta property=\"og:image:width\" content=\"667\" \/>\n\t<meta property=\"og:image:height\" content=\"1000\" \/>\n\t<meta property=\"og:image:type\" content=\"image\/jpeg\" \/>\n<meta name=\"twitter:card\" content=\"summary_large_image\" \/>\n<script type=\"application\/ld+json\" class=\"yoast-schema-graph\">{\"@context\":\"https:\/\/schema.org\",\"@graph\":[{\"@type\":\"WebPage\",\"@id\":\"https:\/\/i-bau.es\/deutsch\/wp-content\/uploads\/sites\/2\/2018\/12\/MIO_1.jpg\",\"url\":\"https:\/\/i-bau.es\/deutsch\/wp-content\/uploads\/sites\/2\/2018\/12\/MIO_1.jpg\",\"name\":\"MIO_1 - i-bau Architekten\",\"isPartOf\":{\"@id\":\"https:\/\/i-bau.es\/deutsch\/#website\"},\"datePublished\":\"2022-09-28T14:54:38+00:00\",\"dateModified\":\"2022-09-28T15:38:32+00:00\",\"breadcrumb\":{\"@id\":\"https:\/\/i-bau.es\/deutsch\/wp-content\/uploads\/sites\/2\/2018\/12\/MIO_1.jpg#breadcrumb\"},\"inLanguage\":\"de\",\"potentialAction\":[{\"@type\":\"ReadAction\",\"target\":[\"https:\/\/i-bau.es\/deutsch\/wp-content\/uploads\/sites\/2\/2018\/12\/MIO_1.jpg\"]}]},{\"@type\":\"BreadcrumbList\",\"@id\":\"https:\/\/i-bau.es\/deutsch\/wp-content\/uploads\/sites\/2\/2018\/12\/MIO_1.jpg#breadcrumb\",\"itemListElement\":[{\"@type\":\"ListItem\",\"position\":1,\"name\":\"Portada\",\"item\":\"https:\/\/i-bau.es\/deutsch\/\"},{\"@type\":\"ListItem\",\"position\":2,\"name\":\"PROJEKTE\",\"item\":\"https:\/\/i-bau.es\/deutsch\/projekte\/\"},{\"@type\":\"ListItem\",\"position\":3,\"name\":\"WOHNEN\",\"item\":\"https:\/\/i-bau.es\/deutsch\/projekte\/wohnen\/\"},{\"@type\":\"ListItem\",\"position\":4,\"name\":\"MIO\",\"item\":\"https:\/\/i-bau.es\/deutsch\/projekte\/wohnen\/mio\/\"},{\"@type\":\"ListItem\",\"position\":5,\"name\":\"MIO_1\"}]},{\"@type\":\"WebSite\",\"@id\":\"https:\/\/i-bau.es\/deutsch\/#website\",\"url\":\"https:\/\/i-bau.es\/deutsch\/\",\"name\":\"i-bau Architekten\",\"description\":\"Deutsch-spanisches Architekturb\u00fcro in Madrid und Mallorca.\",\"potentialAction\":[{\"@type\":\"SearchAction\",\"target\":{\"@type\":\"EntryPoint\",\"urlTemplate\":\"https:\/\/i-bau.es\/deutsch\/?s={search_term_string}\"},\"query-input\":{\"@type\":\"PropertyValueSpecification\",\"valueRequired\":true,\"valueName\":\"search_term_string\"}}],\"inLanguage\":\"de\"}]}<\/script>\n<!-- \/ Yoast SEO plugin. -->","yoast_head_json":{"title":"MIO_1 - i-bau Architekten","robots":{"index":"index","follow":"follow","max-snippet":"max-snippet:-1","max-image-preview":"max-image-preview:large","max-video-preview":"max-video-preview:-1"},"canonical":"https:\/\/i-bau.es\/deutsch\/wp-content\/uploads\/sites\/2\/2018\/12\/MIO_1.jpg","og_locale":"de_DE","og_type":"article","og_title":"MIO_1 - i-bau Architekten","og_description":"Bildmaterial (Honorarfrei, bei Quellenangabe) S\u00e4mtliche Bilder dieser Serie stehen zur honorarfreien Verwendung zur Verf\u00fcgung. Bedingung ist die Nennung des Copyrights: Foto Marco Richter oder www.mallorco.com f\u00fcr unterlassene, unvollst\u00e4ndig, falsch platzierte oder nicht zuordnungsf\u00e4hige Urhebervermerke ist f\u00fcr jeden Einzelfall eine Vertragsstrafe in H\u00f6he des f\u00fcnffachen Nutzungshonorars zu zahlen, vorbehaltlich weitergehender Schadensersatzanspr\u00fcche.!!!Ebenso ist der Weiterverkauf des Bildmaterials an Dritte ohne ausdr\u00fcckliche Genehmigung von Marco Richter (Mallorco Photography) untersagt. Diese Regelung gilt auch bei jeglicher unberechtigt (ohne Zustimmung durch den Fotograf Marco Richter (Mallorco Photography) erfolgten Nutzung, Verwendung, Wiedergabe oder Weitergabe des Bildmaterials.","og_url":"https:\/\/i-bau.es\/deutsch\/wp-content\/uploads\/sites\/2\/2018\/12\/MIO_1.jpg","og_site_name":"i-bau Architekten","article_modified_time":"2022-09-28T15:38:32+00:00","og_image":[{"width":667,"height":1000,"url":"https:\/\/i-bau.es\/deutsch\/wp-content\/uploads\/sites\/2\/2018\/12\/MIO_1.jpg","type":"image\/jpeg"}],"twitter_card":"summary_large_image","schema":{"@context":"https:\/\/schema.org","@graph":[{"@type":"WebPage","@id":"https:\/\/i-bau.es\/deutsch\/wp-content\/uploads\/sites\/2\/2018\/12\/MIO_1.jpg","url":"https:\/\/i-bau.es\/deutsch\/wp-content\/uploads\/sites\/2\/2018\/12\/MIO_1.jpg","name":"MIO_1 - i-bau Architekten","isPartOf":{"@id":"https:\/\/i-bau.es\/deutsch\/#website"},"datePublished":"2022-09-28T14:54:38+00:00","dateModified":"2022-09-28T15:38:32+00:00","breadcrumb":{"@id":"https:\/\/i-bau.es\/deutsch\/wp-content\/uploads\/sites\/2\/2018\/12\/MIO_1.jpg#breadcrumb"},"inLanguage":"de","potentialAction":[{"@type":"ReadAction","target":["https:\/\/i-bau.es\/deutsch\/wp-content\/uploads\/sites\/2\/2018\/12\/MIO_1.jpg"]}]},{"@type":"BreadcrumbList","@id":"https:\/\/i-bau.es\/deutsch\/wp-content\/uploads\/sites\/2\/2018\/12\/MIO_1.jpg#breadcrumb","itemListElement":[{"@type":"ListItem","position":1,"name":"Portada","item":"https:\/\/i-bau.es\/deutsch\/"},{"@type":"ListItem","position":2,"name":"PROJEKTE","item":"https:\/\/i-bau.es\/deutsch\/projekte\/"},{"@type":"ListItem","position":3,"name":"WOHNEN","item":"https:\/\/i-bau.es\/deutsch\/projekte\/wohnen\/"},{"@type":"ListItem","position":4,"name":"MIO","item":"https:\/\/i-bau.es\/deutsch\/projekte\/wohnen\/mio\/"},{"@type":"ListItem","position":5,"name":"MIO_1"}]},{"@type":"WebSite","@id":"https:\/\/i-bau.es\/deutsch\/#website","url":"https:\/\/i-bau.es\/deutsch\/","name":"i-bau Architekten","description":"Deutsch-spanisches Architekturb\u00fcro in Madrid und Mallorca.","potentialAction":[{"@type":"SearchAction","target":{"@type":"EntryPoint","urlTemplate":"https:\/\/i-bau.es\/deutsch\/?s={search_term_string}"},"query-input":{"@type":"PropertyValueSpecification","valueRequired":true,"valueName":"search_term_string"}}],"inLanguage":"de"}]}},"smush":{"stats":{"percent":7.87945628409124,"bytes":97594,"size_before":1238588,"size_after":1140994,"time":0.30000000000000004,"api_version":"1.0","lossy":false,"keep_exif":0},"sizes":{"thumbnail":{"percent":7.27,"bytes":1090,"size_before":14996,"size_after":13906,"time":0.04},"et-pb-post-main-image":{"percent":6.05,"bytes":1782,"size_before":29433,"size_after":27651,"time":0.01},"et-pb-post-main-image-fullwidth":{"percent":5.96,"bytes":8166,"size_before":137048,"size_after":128882,"time":0.03},"et-pb-portfolio-image":{"percent":5.92,"bytes":1981,"size_before":33486,"size_after":31505,"time":0.04},"et-pb-portfolio-module-image":{"percent":5.8,"bytes":3103,"size_before":53488,"size_after":50385,"time":0.01},"et-pb-gallery-image":{"percent":6.16,"bytes":3044,"size_before":49422,"size_after":46378,"time":0.04},"full":{"percent":8.52,"bytes":78428,"size_before":920715,"size_after":842287,"time":0.13}}},"description":{"rendered":"<p class=\"attachment\"><a href='https:\/\/i-bau.es\/deutsch\/wp-content\/uploads\/sites\/2\/2018\/12\/MIO_1.jpg'><img loading=\"lazy\" decoding=\"async\" width=\"667\" height=\"1000\" src=\"https:\/\/i-bau.es\/deutsch\/wp-content\/uploads\/sites\/2\/2018\/12\/MIO_1.jpg\" class=\"attachment-medium size-medium\" alt=\"\" \/><\/a><\/p>\n"},"caption":{"rendered":"<p>Bildmaterial (Honorarfrei, bei Quellenangabe)<\/p>\n<p>S\u00e4mtliche Bilder dieser Serie stehen zur honorarfreien Verwendung zur Verf\u00fcgung. Bedingung ist die Nennung des Copyrights: Foto Marco Richter oder www.mallorco.com<\/p>\n<p>f\u00fcr unterlassene, unvollst\u00e4ndig, falsch platzierte oder nicht zuordnungsf\u00e4hige Urhebervermerke ist f\u00fcr jeden Einzelfall eine Vertragsstrafe in H\u00f6he des f\u00fcnffachen Nutzungshonorars zu zahlen, vorbehaltlich weitergehender Schadensersatzanspr\u00fcche.!!!Ebenso ist der Weiterverkauf des Bildmaterials an Dritte ohne ausdr\u00fcckliche Genehmigung von Marco Richter (Mallorco Photography) untersagt. Diese Regelung gilt auch bei jeglicher unberechtigt (ohne Zustimmung durch den Fotograf Marco Richter (Mallorco Photography) erfolgten Nutzung, Verwendung, Wiedergabe oder Weitergabe des Bildmaterials.<\/p>\n"},"alt_text":"","media_type":"image","mime_type":"image\/jpeg","media_details":{"width":667,"height":1000,"file":"2018\/12\/MIO_1.jpg","sizes":{"thumbnail":{"file":"MIO_1-200x200.jpg","width":200,"height":200,"mime_type":"image\/jpeg","source_url":"https:\/\/i-bau.es\/deutsch\/wp-content\/uploads\/sites\/2\/2018\/12\/MIO_1-200x200.jpg"},"et-pb-post-main-image":{"file":"MIO_1-400x250.jpg","width":400,"height":250,"mime_type":"image\/jpeg","source_url":"https:\/\/i-bau.es\/deutsch\/wp-content\/uploads\/sites\/2\/2018\/12\/MIO_1-400x250.jpg"},"et-pb-post-main-image-fullwidth":{"file":"MIO_1-667x675.jpg","width":667,"height":675,"mime_type":"image\/jpeg","source_url":"https:\/\/i-bau.es\/deutsch\/wp-content\/uploads\/sites\/2\/2018\/12\/MIO_1-667x675.jpg"},"et-pb-portfolio-image":{"file":"MIO_1-400x284.jpg","width":400,"height":284,"mime_type":"image\/jpeg","source_url":"https:\/\/i-bau.es\/deutsch\/wp-content\/uploads\/sites\/2\/2018\/12\/MIO_1-400x284.jpg"},"et-pb-portfolio-module-image":{"file":"MIO_1-510x382.jpg","width":510,"height":382,"mime_type":"image\/jpeg","source_url":"https:\/\/i-bau.es\/deutsch\/wp-content\/uploads\/sites\/2\/2018\/12\/MIO_1-510x382.jpg"},"et-pb-gallery-image":{"file":"MIO_1-400x400.jpg","width":400,"height":400,"mime_type":"image\/jpeg","source_url":"https:\/\/i-bau.es\/deutsch\/wp-content\/uploads\/sites\/2\/2018\/12\/MIO_1-400x400.jpg"},"full":{"file":"MIO_1.jpg","width":667,"height":1000,"mime_type":"image\/jpeg","source_url":"https:\/\/i-bau.es\/deutsch\/wp-content\/uploads\/sites\/2\/2018\/12\/MIO_1.jpg"}},"image_meta":{"aperture":"11","credit":"Marco Richter","camera":"ILCE-7M4","caption":"Bildmaterial (Honorarfrei, bei Quellenangabe)\r\rS\u00e4mtliche Bilder dieser Serie stehen zur honorarfreien Verwendung zur Verf\u00fcgung. Bedingung ist die Nennung des Copyrights: Foto Marco Richter oder www.mallorco.com\r\rf\u00fcr unterlassene, unvollst\u00e4ndig, falsch platzierte oder nicht zuordnungsf\u00e4hige Urhebervermerke ist f\u00fcr jeden Einzelfall eine Vertragsstrafe in H\u00f6he des f\u00fcnffachen Nutzungshonorars zu zahlen, vorbehaltlich weitergehender Schadensersatzanspr\u00fcche.!!!Ebenso ist der Weiterverkauf des Bildmaterials an Dritte ohne ausdr\u00fcckliche Genehmigung von Marco Richter (Mallorco Photography) untersagt. Diese Regelung gilt auch bei jeglicher unberechtigt (ohne Zustimmung durch den Fotograf Marco Richter (Mallorco Photography) erfolgten Nutzung, Verwendung, Wiedergabe oder Weitergabe des Bildmaterials.","created_timestamp":"1654521708","copyright":"Marco Richter","focal_length":"34","iso":"160","shutter_speed":"0.0125","title":"","orientation":"0","keywords":[]}},"post":1520,"source_url":"https:\/\/i-bau.es\/deutsch\/wp-content\/uploads\/sites\/2\/2018\/12\/MIO_1.jpg","_links":{"self":[{"href":"https:\/\/i-bau.es\/deutsch\/wp-json\/wp\/v2\/media\/3618","targetHints":{"allow":["GET"]}}],"collection":[{"href":"https:\/\/i-bau.es\/deutsch\/wp-json\/wp\/v2\/media"}],"about":[{"href":"https:\/\/i-bau.es\/deutsch\/wp-json\/wp\/v2\/types\/attachment"}],"author":[{"embeddable":true,"href":"https:\/\/i-bau.es\/deutsch\/wp-json\/wp\/v2\/users\/4"}],"replies":[{"embeddable":true,"href":"https:\/\/i-bau.es\/deutsch\/wp-json\/wp\/v2\/comments?post=3618"}],"wp:attached-to":[{"embeddable":true,"post_type":"page","id":1520,"href":"https:\/\/i-bau.es\/deutsch\/wp-json\/wp\/v2\/pages\/1520"}],"curies":[{"name":"wp","href":"https:\/\/api.w.org\/{rel}","templated":true}]}}