{"id":2595,"date":"2021-04-14T11:46:19","date_gmt":"2021-04-14T09:46:19","guid":{"rendered":"https:\/\/i-bau.es\/english\/?page_id=2595"},"modified":"2026-02-18T16:08:03","modified_gmt":"2026-02-18T15:08:03","slug":"team","status":"publish","type":"page","link":"https:\/\/i-bau.es\/english\/about_us\/team\/","title":{"rendered":"TEAM"},"content":{"rendered":"<p>[et_pb_section fb_built=&#8221;1&#8243; fullwidth=&#8221;on&#8221; custom_padding_last_edited=&#8221;on|desktop&#8221; admin_label=&#8221;Secci\u00f3n&#8221; module_class=&#8221;cabecera&#8221; _builder_version=&#8221;4.16&#8243; custom_padding_tablet=&#8221;50px|0|50px|0&#8243; custom_padding_phone=&#8221;50px|0|50px|0&#8243; transparent_background=&#8221;off&#8221; padding_mobile=&#8221;off&#8221; make_fullwidth=&#8221;off&#8221; use_custom_width=&#8221;off&#8221; width_unit=&#8221;on&#8221; custom_width_px=&#8221;1080px&#8221; custom_width_percent=&#8221;80%&#8221; global_colors_info=&#8221;{}&#8221;][et_pb_fullwidth_header logo_image_url=&#8221;https:\/\/i-bau.es\/wp-content\/uploads\/2016\/09\/logotipo.png&#8221; logo_alt_text=&#8221;i-bau arquitectos&#8221; image_orientation=&#8221;bottom&#8221; content_max_width=&#8221;none&#8221; admin_label=&#8221;Cabecera \/ Logotipo&#8221; _builder_version=&#8221;4.16&#8243; background_color=&#8221;rgba(255, 255, 255, 0)&#8221; background_image=&#8221;https:\/\/i-bau.es\/wp-content\/uploads\/2016\/09\/cabecera03.jpg&#8221; custom_css_logo=&#8221;max-width:40%;&#8221; background_url=&#8221;https:\/\/i-bau.es\/wp-content\/uploads\/2016\/09\/cabecera03.jpg&#8221; button_one_letter_spacing_hover=&#8221;0&#8243; button_two_letter_spacing_hover=&#8221;0&#8243; global_colors_info=&#8221;{}&#8221; button_one_text_size__hover_enabled=&#8221;off&#8221; button_two_text_size__hover_enabled=&#8221;off&#8221; button_one_text_color__hover_enabled=&#8221;off&#8221; button_two_text_color__hover_enabled=&#8221;off&#8221; button_one_border_width__hover_enabled=&#8221;off&#8221; button_two_border_width__hover_enabled=&#8221;off&#8221; button_one_border_color__hover_enabled=&#8221;off&#8221; button_two_border_color__hover_enabled=&#8221;off&#8221; button_one_border_radius__hover_enabled=&#8221;off&#8221; button_two_border_radius__hover_enabled=&#8221;off&#8221; button_one_letter_spacing__hover_enabled=&#8221;on&#8221; button_one_letter_spacing__hover=&#8221;0&#8243; button_two_letter_spacing__hover_enabled=&#8221;on&#8221; button_two_letter_spacing__hover=&#8221;0&#8243; button_one_bg_color__hover_enabled=&#8221;off&#8221; button_two_bg_color__hover_enabled=&#8221;off&#8221;][\/et_pb_fullwidth_header][\/et_pb_section][et_pb_section fb_built=&#8221;1&#8243; custom_padding_last_edited=&#8221;on|desktop&#8221; admin_label=&#8221;Secci\u00f3n&#8221; _builder_version=&#8221;4.16&#8243; custom_padding_tablet=&#8221;50px|0|50px|0&#8243; custom_padding_phone=&#8221;50px|0|50px|0&#8243; transparent_background=&#8221;off&#8221; padding_mobile=&#8221;off&#8221; make_fullwidth=&#8221;off&#8221; use_custom_width=&#8221;off&#8221; width_unit=&#8221;on&#8221; custom_width_px=&#8221;1080px&#8221; custom_width_percent=&#8221;80%&#8221; global_colors_info=&#8221;{}&#8221;][et_pb_row padding_mobile=&#8221;on&#8221; column_padding_mobile=&#8221;on&#8221; admin_label=&#8221;Fila&#8221; _builder_version=&#8221;4.16&#8243; background_size=&#8221;initial&#8221; background_position=&#8221;top_left&#8221; background_repeat=&#8221;repeat&#8221; custom_padding=&#8221;||0px|&#8221; make_fullwidth=&#8221;off&#8221; use_custom_width=&#8221;off&#8221; width_unit=&#8221;on&#8221; custom_width_px=&#8221;1080px&#8221; custom_width_percent=&#8221;80%&#8221; global_colors_info=&#8221;{}&#8221;][et_pb_column type=&#8221;4_4&#8243; _builder_version=&#8221;4.16&#8243; custom_padding=&#8221;|||&#8221; custom_css_main_element=&#8221;margin: 0;&#8221; global_colors_info=&#8221;{}&#8221; custom_padding__hover=&#8221;|||&#8221;][et_pb_text admin_label=&#8221;Texto&#8221; _builder_version=&#8221;4.16&#8243; text_font=&#8221;|||on|&#8221; background_size=&#8221;initial&#8221; background_position=&#8221;top_left&#8221; background_repeat=&#8221;repeat&#8221; text_orientation=&#8221;center&#8221; module_alignment=&#8221;center&#8221; custom_margin=&#8221;||2em|&#8221; use_border_color=&#8221;off&#8221; border_color=&#8221;#ffffff&#8221; border_style=&#8221;solid&#8221; global_colors_info=&#8221;{}&#8221;]<\/p>\n<p style=\"text-align: left; font-size: 20px; text-transform:lowercase;\"><strong>team<\/strong><\/p>\n<p>[\/et_pb_text][\/et_pb_column][\/et_pb_row][et_pb_row column_structure=&#8221;1_4,1_2,1_4&#8243; padding_mobile=&#8221;off&#8221; column_padding_mobile=&#8221;on&#8221; admin_label=&#8221;Fila&#8221; _builder_version=&#8221;4.16&#8243; background_size=&#8221;initial&#8221; background_position=&#8221;top_left&#8221; background_repeat=&#8221;repeat&#8221; make_fullwidth=&#8221;off&#8221; use_custom_width=&#8221;off&#8221; width_unit=&#8221;off&#8221; custom_width_px=&#8221;1080px&#8221; custom_width_percent=&#8221;80%&#8221; global_colors_info=&#8221;{}&#8221;][et_pb_column type=&#8221;1_4&#8243; _builder_version=&#8221;4.16&#8243; custom_padding=&#8221;|||&#8221; global_colors_info=&#8221;{}&#8221; custom_padding__hover=&#8221;|||&#8221;][\/et_pb_column][et_pb_column type=&#8221;1_2&#8243; _builder_version=&#8221;4.16&#8243; custom_padding=&#8221;|||&#8221; global_colors_info=&#8221;{}&#8221; custom_padding__hover=&#8221;|||&#8221;][et_pb_image src=&#8221;https:\/\/i-bau.es\/english\/wp-content\/uploads\/sites\/3\/2021\/04\/TABL\u00d3N-2.png&#8221; align_tablet=&#8221;center&#8221; align_phone=&#8221;center&#8221; align_last_edited=&#8221;on|desktop&#8221; admin_label=&#8221;Imagen&#8221; _builder_version=&#8221;4.16&#8243; animation_style=&#8221;fade&#8221; animation_duration=&#8221;500ms&#8221; use_border_color=&#8221;off&#8221; border_color=&#8221;#ffffff&#8221; border_style=&#8221;solid&#8221; animation=&#8221;fade_in&#8221; sticky=&#8221;off&#8221; always_center_on_mobile=&#8221;on&#8221; global_colors_info=&#8221;{}&#8221;][\/et_pb_image][\/et_pb_column][et_pb_column type=&#8221;1_4&#8243; _builder_version=&#8221;4.16&#8243; custom_padding=&#8221;|||&#8221; global_colors_info=&#8221;{}&#8221; custom_padding__hover=&#8221;|||&#8221;][\/et_pb_column][\/et_pb_row][et_pb_row padding_mobile=&#8221;off&#8221; column_padding_mobile=&#8221;on&#8221; admin_label=&#8221;Fila&#8221; _builder_version=&#8221;4.16&#8243; background_size=&#8221;initial&#8221; background_position=&#8221;top_left&#8221; background_repeat=&#8221;repeat&#8221; make_fullwidth=&#8221;off&#8221; use_custom_width=&#8221;off&#8221; width_unit=&#8221;off&#8221; custom_width_px=&#8221;1080px&#8221; custom_width_percent=&#8221;80%&#8221; global_colors_info=&#8221;{}&#8221;][et_pb_column type=&#8221;4_4&#8243; _builder_version=&#8221;4.16&#8243; custom_padding=&#8221;|||&#8221; global_colors_info=&#8221;{}&#8221; custom_padding__hover=&#8221;|||&#8221;][et_pb_text admin_label=&#8221;Texto&#8221; _builder_version=&#8221;4.16&#8243; background_size=&#8221;initial&#8221; background_position=&#8221;top_left&#8221; background_repeat=&#8221;repeat&#8221; text_orientation=&#8221;center&#8221; module_alignment=&#8221;center&#8221; use_border_color=&#8221;off&#8221; border_color=&#8221;#ffffff&#8221; border_style=&#8221;solid&#8221; global_colors_info=&#8221;{}&#8221;]i-bau architects team<\/p>\n<p><strong><span style=\"font-size: 10.5pt; line-height: 107%; font-family: Century Gothic, sans-serif; padding: 0cm; background-color: white; border: 1pt none windowtext;\">2009 \u2013 present<\/span><\/strong><br \/>\n[\/et_pb_text][et_pb_text admin_label=&#8221;Texto&#8221; _builder_version=&#8221;4.27.5&#8243; background_size=&#8221;initial&#8221; background_position=&#8221;top_left&#8221; background_repeat=&#8221;repeat&#8221; text_orientation=&#8221;center&#8221; module_alignment=&#8221;center&#8221; use_border_color=&#8221;off&#8221; border_color=&#8221;#ffffff&#8221; border_style=&#8221;solid&#8221; global_colors_info=&#8221;{}&#8221;]<span style=\"padding: 0cm; background-color: white; border: 1pt none windowtext;\">Javier Armbruster<\/span><br \/>\nMar\u00eda Gamero<br \/>\n<span style=\"padding: 0cm; color: #b3b3b3; background-color: white; border: 1pt none windowtext;\">Irene Batanero<br \/>\nRoberto Rubio \u00c1lvarez<br \/>\nAdelaida Boroboi<br \/>\nFabio Trevisan<\/span><br \/>\n<span style=\"padding: 0cm; background-color: white; border: 1pt none windowtext;\">Miguel Ruiz Cid<\/span><br \/>\n<span style=\"padding: 0cm; color: #b3b3b3; background-color: white; border: 1pt none windowtext;\">Jes\u00fas Manuel Moreno Fern\u00e1ndez<br \/>\nAlfhild E H Kopperdal<br \/>\nOlga G\u00f3mez Alonso<\/span><br \/>\n<span style=\"padding: 0cm; background-color: white; border: 1pt none windowtext;\">Fernando de la Fuente Portero<\/span><br \/>\n<span style=\"padding: 0cm; color: #b3b3b3; background-color: white; border: 1pt none windowtext;\">David Gil Zazo<br \/>\nLaura Cestau S\u00e1nchez<br \/>\n\u00c1lvaro Ojea Gordo<br \/>\nMiguel \u00c1ngel Calero<br \/>\nElena Ramos Caballero<br \/>\nDaniel Borreg\u00f3n L\u00f3pez-Carri\u00f3n<br \/>\nRodrigo G\u00f3mez Rubio<br \/>\nIrene D\u00edez del Corral<br \/>\nDaniela Mar\u00edn P\u00e9rez<br \/>\n\u00c1lvaro Echeverr\u00eda Toca<br \/>\nSergio C\u00f3rdoba San Emeterio<br \/>\nMarta Mart\u00edn Benito<\/span><br \/>\n<span style=\"padding: 0cm; background-color: white; border: 1pt none windowtext;\">Irene Rebullida Trullenque<\/span><br \/>\n<span style=\"padding: 0cm; color: #b3b3b3; background-color: white; border: 1pt none windowtext;\">Dorothee Emmrich<br \/>\nBritta Echinger<\/span><br \/>\n<span style=\"padding: 0cm; color: #b3b3b3; background-color: white; border: 1pt none windowtext;\">Ismael Casado Camacho<br \/>\nPablo Bur\u00f3n Guti\u00e9rrez<br \/>\nAndrea Molina Garc\u00eda<br \/>\nCarlos Huerta Rodr\u00edguez<\/span><br \/>\n<span style=\"padding: 0cm; background-color: white; border: 1pt none windowtext;\">Cristina Arribas Gued\u00e1n<\/span><br \/>\n<span style=\"padding: 0cm; color: #b3b3b3; background-color: white; border: 1pt none windowtext;\">Mat\u00edas Cadario Lozano<br \/>\nJuan Carlos Montero Nieto<br \/>\nDorota Tokarska<br \/>\nDavid Santos Ni\u00f1o<br \/>\nLara Pastor P\u00e9rez<br \/>\nSarai Marcos Fern\u00e1ndez<br \/>\nElena Campos Garc\u00eda<br \/>\nGilbert Barbany Fontdevila<br \/>\nAndreas Jorba<br \/>\nJavier C\u00e1rdenas del Campo<br \/>\nMatilde Mart\u00ednez Becerra<br \/>\nSamuel Abaga<br \/>\nPaula Valdeande Ruiz<br \/>\nAlmudena Rubio Delgado<br \/>\nRodrigo Callejas Garc\u00eda<br \/>\nAlejandro Gallardo Moreno<br \/>\nDavid Mart\u00edn Gasc\u00f3n<\/span><br \/>\n<span style=\"padding: 0cm; background-color: white; border: 1pt none windowtext;\">Natalia Mart\u00ednez Dur\u00e1n<br \/>\n<span style=\"padding: 0cm; color: #b3b3b3; background-color: white; border: 1pt none windowtext;\">Fabi\u00e1n Oscar Gonz\u00e1lvez Moyano<br \/>\nAlberto Serrano Ib\u00e1\u00f1ez<\/span><br \/>\n<span style=\"padding: 0cm; background-color: white; border: 1pt none windowtext;\">Giulia Cigui<br \/>\nEugenia Silva Cabrera<br \/>\nJorge Matas Aguado<br \/>\nCarlotta La Pietra<br \/>\nRoc\u00edo M\u00e1rquez<\/span><br \/>\n[\/et_pb_text][\/et_pb_column][\/et_pb_row][\/et_pb_section][et_pb_section fb_built=&#8221;1&#8243; fullwidth=&#8221;on&#8221; custom_padding_last_edited=&#8221;on|desktop&#8221; admin_label=&#8221;Secci\u00f3n&#8221; module_class=&#8221;volver-atras&#8221; _builder_version=&#8221;3.22&#8243; custom_padding_tablet=&#8221;50px|0|50px|0&#8243; custom_padding_phone=&#8221;50px|0|50px|0&#8243; transparent_background=&#8221;off&#8221; padding_mobile=&#8221;off&#8221; make_fullwidth=&#8221;off&#8221; use_custom_width=&#8221;off&#8221; width_unit=&#8221;on&#8221; global_module=&#8221;958&#8243; global_colors_info=&#8221;{}&#8221;][et_pb_fullwidth_code admin_label=&#8221;Enlace: Volver atr\u00e1s&#8221; _builder_version=&#8221;4.27.5&#8243; hover_enabled=&#8221;0&#8243; global_colors_info=&#8221;{}&#8221; sticky_enabled=&#8221;0&#8243;]<a href=\"https:\/\/i-bau.es\/english\/about_us\/\"><\/a>[\/et_pb_fullwidth_code][\/et_pb_section]<\/p>\n","protected":false},"excerpt":{"rendered":"<p>team i-bau architects team 2009 \u2013 present Javier Armbruster Mar\u00eda Gamero Irene Batanero Roberto Rubio \u00c1lvarez Adelaida Boroboi Fabio Trevisan Miguel Ruiz Cid Jes\u00fas Manuel Moreno Fern\u00e1ndez Alfhild E H Kopperdal Olga G\u00f3mez Alonso Fernando de la Fuente Portero David Gil Zazo Laura Cestau S\u00e1nchez \u00c1lvaro Ojea Gordo Miguel \u00c1ngel Calero Elena Ramos Caballero Daniel [&hellip;]<\/p>\n","protected":false},"author":4,"featured_media":0,"parent":43,"menu_order":3,"comment_status":"closed","ping_status":"closed","template":"","meta":{"_et_pb_use_builder":"on","_et_pb_old_content":"[et_pb_section admin_label=\"Secci\u00f3n\" fullwidth=\"on\" specialty=\"off\" transparent_background=\"off\" allow_player_pause=\"off\" inner_shadow=\"off\" parallax=\"off\" parallax_method=\"off\" padding_mobile=\"off\" make_fullwidth=\"off\" use_custom_width=\"off\" width_unit=\"on\" make_equal=\"off\" use_custom_gutter=\"off\" module_class=\"cabecera\"][et_pb_fullwidth_header admin_label=\"Cabecera \/ Logotipo\" background_layout=\"dark\" text_orientation=\"left\" header_fullscreen=\"off\" header_scroll_down=\"off\" background_url=\"https:\/\/i-bau.es\/wp-content\/uploads\/2016\/09\/cabecera03.jpg\" parallax=\"off\" parallax_method=\"off\" content_orientation=\"center\" image_orientation=\"bottom\" custom_button_one=\"off\" button_one_letter_spacing=\"0\" button_one_use_icon=\"default\" button_one_icon_placement=\"right\" button_one_on_hover=\"on\" button_one_letter_spacing_hover=\"0\" custom_button_two=\"off\" button_two_letter_spacing=\"0\" button_two_use_icon=\"default\" button_two_icon_placement=\"right\" button_two_on_hover=\"on\" button_two_letter_spacing_hover=\"0\" logo_image_url=\"https:\/\/i-bau.es\/wp-content\/uploads\/2016\/09\/logotipo.png\" custom_css_logo=\"max-width:40%;\" logo_alt_text=\"i-bau arquitectos\"]\r\n\r\n\r\n\r\n[\/et_pb_fullwidth_header][\/et_pb_section][et_pb_section admin_label=\"Secci\u00f3n\" fullwidth=\"off\" specialty=\"off\" transparent_background=\"off\" allow_player_pause=\"off\" inner_shadow=\"off\" parallax=\"off\" parallax_method=\"off\" padding_mobile=\"off\" make_fullwidth=\"off\" use_custom_width=\"off\" width_unit=\"on\" make_equal=\"off\" use_custom_gutter=\"off\"][et_pb_row admin_label=\"Fila\" make_fullwidth=\"off\" use_custom_width=\"off\" width_unit=\"on\" use_custom_gutter=\"off\" custom_padding=\"||0px|\" padding_mobile=\"on\" allow_player_pause=\"off\" parallax=\"off\" parallax_method=\"off\" make_equal=\"off\" parallax_1=\"off\" parallax_method_1=\"off\" column_padding_mobile=\"on\" custom_css_main_1=\"margin: 0;\"][et_pb_column type=\"4_4\"][et_pb_text admin_label=\"Texto\" background_layout=\"light\" text_orientation=\"center\" use_border_color=\"off\" border_color=\"#ffffff\" border_style=\"solid\" text_font=\"|||on|\" custom_margin=\"||2em|\"]\r\n\r\n<span style=\"color: #808080;\"><a style=\"color: #808080;\" href=\"https:\/\/i-bau.es\/estudio\/\">ESTUDIO<\/a> | <strong>EQUIPO<\/strong><\/span>\r\n\r\n[\/et_pb_text][\/et_pb_column][\/et_pb_row][et_pb_row admin_label=\"Fila\"][et_pb_column type=\"1_4\"][\/et_pb_column][et_pb_column type=\"1_2\"][et_pb_image admin_label=\"Imagen\" src=\"https:\/\/i-bau.es\/wp-content\/uploads\/2021\/04\/WEB-Equipo.jpg\" show_in_lightbox=\"off\" url_new_window=\"off\" use_overlay=\"off\" animation=\"fade_in\" sticky=\"off\" align=\"left\" force_fullwidth=\"off\" always_center_on_mobile=\"on\" use_border_color=\"off\" border_color=\"#ffffff\" border_style=\"solid\"]\r\n\r\n\r\n\r\n[\/et_pb_image][\/et_pb_column][et_pb_column type=\"1_4\"][\/et_pb_column][\/et_pb_row][et_pb_row admin_label=\"Fila\"][et_pb_column type=\"4_4\"][et_pb_text admin_label=\"Texto\" background_layout=\"light\" text_orientation=\"center\" use_border_color=\"off\" border_style=\"solid\" disabled=\"off\" border_color=\"#ffffff\"]\r\n\r\nEQUIPO I-BAU ARQUITECTOS\r\n\r\n[\/et_pb_text][et_pb_text admin_label=\"Texto\" background_layout=\"light\" text_orientation=\"center\" use_border_color=\"off\" border_style=\"solid\" disabled=\"off\" border_color=\"#ffffff\"]\r\n\r\n<span style=\"color: #999999;\">2009-Actualidad:<\/span>\r\nJavier Armbruster\r\nMar\u00eda Gamero\r\nIrene Batanero\r\nRoberto Rubio Alvarez\r\nAdelaida Boroboi\r\nFabio Trevisan\r\nMiguel Ruiz Cid\r\nJes\u00fas Manuel Moreno Fern\u00e1ndez\r\nAlfhild E H Kopperdal\r\nOlga Gomez Alonso\r\nFernando de la Fuente Portero\r\nDavid Gil Zazo\r\nLaura Cestau Sanchez\r\n\u00c1lvaro Ojea Gordo\r\nMiguel Angel Calero\r\nElena Ramos Caballero\r\nDaniel Borreg\u00f3n Lopez-Carri\u00f3n\r\nRodrigo Gomez Rubio\r\nIrene D\u00edez del Corral\r\nDaniela Mar\u00edn P\u00e9rez\r\n\u00c1lvaro Echeverr\u00eda Toca\r\nSergio C\u00f3rdoba San Emeterio\r\nMarta Mart\u00edn Benito\r\nIrene Rebullida Trullenque\r\nDorothee Emmrich\r\nBritta Echinger\r\nIsmael Casado Camacho\r\nPablo Bur\u00f3n Guti\u00e9rrez\r\nAndrea Molina Garcia\r\nCarlos Huerta Rodr\u00edguez\r\nCristina Arribas Gued\u00e1n\r\nMat\u00edas Cadario Lozano\r\nJuan Carlos Montero Nieto\r\nDorota Tokarska\r\nDavid Santos Ni\u00f1o\r\nLara Pastor P\u00e9rez\r\nSarai Marcos Fern\u00e1ndez\r\nElena Campos Garc\u00eda\r\n\r\n[\/et_pb_text][\/et_pb_column][\/et_pb_row][\/et_pb_section][et_pb_section admin_label=\"Secci\u00f3n\" fullwidth=\"on\" specialty=\"off\" transparent_background=\"off\" allow_player_pause=\"off\" inner_shadow=\"off\" parallax=\"off\" parallax_method=\"off\" padding_mobile=\"off\" make_fullwidth=\"off\" use_custom_width=\"off\" width_unit=\"on\" make_equal=\"off\" use_custom_gutter=\"off\" module_class=\"volver-atras\"][\/et_pb_section][et_pb_section admin_label=\"section\"][et_pb_row admin_label=\"row\"][\/et_pb_row][\/et_pb_section]","_et_gb_content_width":"","footnotes":""},"class_list":["post-2595","page","type-page","status-publish","hentry"],"yoast_head":"<!-- This site is optimized with the Yoast SEO plugin v26.9 - https:\/\/yoast.com\/product\/yoast-seo-wordpress\/ -->\n<title>TEAM - i-bau Architects<\/title>\n<meta name=\"robots\" content=\"index, follow, max-snippet:-1, max-image-preview:large, max-video-preview:-1\" \/>\n<link rel=\"canonical\" href=\"https:\/\/i-bau.es\/english\/about_us\/team\/\" \/>\n<meta property=\"og:locale\" content=\"en_GB\" \/>\n<meta property=\"og:type\" content=\"article\" \/>\n<meta property=\"og:title\" content=\"TEAM - i-bau Architects\" \/>\n<meta property=\"og:description\" content=\"team i-bau architects team 2009 \u2013 present Javier Armbruster Mar\u00eda Gamero Irene Batanero Roberto Rubio \u00c1lvarez Adelaida Boroboi Fabio Trevisan Miguel Ruiz Cid Jes\u00fas Manuel Moreno Fern\u00e1ndez Alfhild E H Kopperdal Olga G\u00f3mez Alonso Fernando de la Fuente Portero David Gil Zazo Laura Cestau S\u00e1nchez \u00c1lvaro Ojea Gordo Miguel \u00c1ngel Calero Elena Ramos Caballero Daniel [&hellip;]\" \/>\n<meta property=\"og:url\" content=\"https:\/\/i-bau.es\/english\/about_us\/team\/\" \/>\n<meta property=\"og:site_name\" content=\"i-bau Architects\" \/>\n<meta property=\"article:modified_time\" content=\"2026-02-18T15:08:03+00:00\" \/>\n<meta name=\"twitter:card\" content=\"summary_large_image\" \/>\n<meta name=\"twitter:label1\" content=\"Estimated reading time\" \/>\n\t<meta name=\"twitter:data1\" content=\"2 minutes\" \/>\n<script type=\"application\/ld+json\" class=\"yoast-schema-graph\">{\"@context\":\"https:\/\/schema.org\",\"@graph\":[{\"@type\":\"WebPage\",\"@id\":\"https:\/\/i-bau.es\/english\/about_us\/team\/\",\"url\":\"https:\/\/i-bau.es\/english\/about_us\/team\/\",\"name\":\"TEAM - i-bau Architects\",\"isPartOf\":{\"@id\":\"https:\/\/i-bau.es\/english\/#website\"},\"datePublished\":\"2021-04-14T09:46:19+00:00\",\"dateModified\":\"2026-02-18T15:08:03+00:00\",\"breadcrumb\":{\"@id\":\"https:\/\/i-bau.es\/english\/about_us\/team\/#breadcrumb\"},\"inLanguage\":\"en-GB\",\"potentialAction\":[{\"@type\":\"ReadAction\",\"target\":[\"https:\/\/i-bau.es\/english\/about_us\/team\/\"]}]},{\"@type\":\"BreadcrumbList\",\"@id\":\"https:\/\/i-bau.es\/english\/about_us\/team\/#breadcrumb\",\"itemListElement\":[{\"@type\":\"ListItem\",\"position\":1,\"name\":\"Portada\",\"item\":\"https:\/\/i-bau.es\/english\/\"},{\"@type\":\"ListItem\",\"position\":2,\"name\":\"ABOUT US\",\"item\":\"https:\/\/i-bau.es\/english\/about_us\/\"},{\"@type\":\"ListItem\",\"position\":3,\"name\":\"TEAM\"}]},{\"@type\":\"WebSite\",\"@id\":\"https:\/\/i-bau.es\/english\/#website\",\"url\":\"https:\/\/i-bau.es\/english\/\",\"name\":\"i-bau Architects\",\"description\":\"German-Spanish Architecture Studio in Madrid and Mallorca.\",\"potentialAction\":[{\"@type\":\"SearchAction\",\"target\":{\"@type\":\"EntryPoint\",\"urlTemplate\":\"https:\/\/i-bau.es\/english\/?s={search_term_string}\"},\"query-input\":{\"@type\":\"PropertyValueSpecification\",\"valueRequired\":true,\"valueName\":\"search_term_string\"}}],\"inLanguage\":\"en-GB\"}]}<\/script>\n<!-- \/ Yoast SEO plugin. -->","yoast_head_json":{"title":"TEAM - i-bau Architects","robots":{"index":"index","follow":"follow","max-snippet":"max-snippet:-1","max-image-preview":"max-image-preview:large","max-video-preview":"max-video-preview:-1"},"canonical":"https:\/\/i-bau.es\/english\/about_us\/team\/","og_locale":"en_GB","og_type":"article","og_title":"TEAM - i-bau Architects","og_description":"team i-bau architects team 2009 \u2013 present Javier Armbruster Mar\u00eda Gamero Irene Batanero Roberto Rubio \u00c1lvarez Adelaida Boroboi Fabio Trevisan Miguel Ruiz Cid Jes\u00fas Manuel Moreno Fern\u00e1ndez Alfhild E H Kopperdal Olga G\u00f3mez Alonso Fernando de la Fuente Portero David Gil Zazo Laura Cestau S\u00e1nchez \u00c1lvaro Ojea Gordo Miguel \u00c1ngel Calero Elena Ramos Caballero Daniel [&hellip;]","og_url":"https:\/\/i-bau.es\/english\/about_us\/team\/","og_site_name":"i-bau Architects","article_modified_time":"2026-02-18T15:08:03+00:00","twitter_card":"summary_large_image","twitter_misc":{"Estimated reading time":"2 minutes"},"schema":{"@context":"https:\/\/schema.org","@graph":[{"@type":"WebPage","@id":"https:\/\/i-bau.es\/english\/about_us\/team\/","url":"https:\/\/i-bau.es\/english\/about_us\/team\/","name":"TEAM - i-bau Architects","isPartOf":{"@id":"https:\/\/i-bau.es\/english\/#website"},"datePublished":"2021-04-14T09:46:19+00:00","dateModified":"2026-02-18T15:08:03+00:00","breadcrumb":{"@id":"https:\/\/i-bau.es\/english\/about_us\/team\/#breadcrumb"},"inLanguage":"en-GB","potentialAction":[{"@type":"ReadAction","target":["https:\/\/i-bau.es\/english\/about_us\/team\/"]}]},{"@type":"BreadcrumbList","@id":"https:\/\/i-bau.es\/english\/about_us\/team\/#breadcrumb","itemListElement":[{"@type":"ListItem","position":1,"name":"Portada","item":"https:\/\/i-bau.es\/english\/"},{"@type":"ListItem","position":2,"name":"ABOUT US","item":"https:\/\/i-bau.es\/english\/about_us\/"},{"@type":"ListItem","position":3,"name":"TEAM"}]},{"@type":"WebSite","@id":"https:\/\/i-bau.es\/english\/#website","url":"https:\/\/i-bau.es\/english\/","name":"i-bau Architects","description":"German-Spanish Architecture Studio in Madrid and Mallorca.","potentialAction":[{"@type":"SearchAction","target":{"@type":"EntryPoint","urlTemplate":"https:\/\/i-bau.es\/english\/?s={search_term_string}"},"query-input":{"@type":"PropertyValueSpecification","valueRequired":true,"valueName":"search_term_string"}}],"inLanguage":"en-GB"}]}},"_links":{"self":[{"href":"https:\/\/i-bau.es\/english\/wp-json\/wp\/v2\/pages\/2595","targetHints":{"allow":["GET"]}}],"collection":[{"href":"https:\/\/i-bau.es\/english\/wp-json\/wp\/v2\/pages"}],"about":[{"href":"https:\/\/i-bau.es\/english\/wp-json\/wp\/v2\/types\/page"}],"author":[{"embeddable":true,"href":"https:\/\/i-bau.es\/english\/wp-json\/wp\/v2\/users\/4"}],"replies":[{"embeddable":true,"href":"https:\/\/i-bau.es\/english\/wp-json\/wp\/v2\/comments?post=2595"}],"version-history":[{"count":43,"href":"https:\/\/i-bau.es\/english\/wp-json\/wp\/v2\/pages\/2595\/revisions"}],"predecessor-version":[{"id":4058,"href":"https:\/\/i-bau.es\/english\/wp-json\/wp\/v2\/pages\/2595\/revisions\/4058"}],"up":[{"embeddable":true,"href":"https:\/\/i-bau.es\/english\/wp-json\/wp\/v2\/pages\/43"}],"wp:attachment":[{"href":"https:\/\/i-bau.es\/english\/wp-json\/wp\/v2\/media?parent=2595"}],"curies":[{"name":"wp","href":"https:\/\/api.w.org\/{rel}","templated":true}]}}