{"id":4063,"date":"2026-02-20T18:00:29","date_gmt":"2026-02-20T17:00:29","guid":{"rendered":"https:\/\/i-bau.es\/english\/?page_id=4063"},"modified":"2026-04-23T15:14:53","modified_gmt":"2026-04-23T13:14:53","slug":"news","status":"publish","type":"page","link":"https:\/\/i-bau.es\/english\/news\/","title":{"rendered":"NEWS"},"content":{"rendered":"<p>[et_pb_section fb_built=&#8221;1&#8243; fullwidth=&#8221;on&#8221; custom_padding_last_edited=&#8221;on|desktop&#8221; admin_label=&#8221;Secci\u00f3n&#8221; module_class=&#8221;cabecera&#8221; _builder_version=&#8221;4.16&#8243; custom_padding_tablet=&#8221;50px|0|50px|0&#8243; custom_padding_phone=&#8221;50px|0|50px|0&#8243; transparent_background=&#8221;off&#8221; padding_mobile=&#8221;off&#8221; make_fullwidth=&#8221;off&#8221; use_custom_width=&#8221;off&#8221; width_unit=&#8221;on&#8221; custom_width_px=&#8221;1080px&#8221; custom_width_percent=&#8221;80%&#8221; global_colors_info=&#8221;{}&#8221;][et_pb_fullwidth_header logo_image_url=&#8221;https:\/\/i-bau.es\/wp-content\/uploads\/2016\/09\/logotipo.png&#8221; logo_alt_text=&#8221;i-bau arquitectos&#8221; image_orientation=&#8221;bottom&#8221; content_max_width=&#8221;none&#8221; admin_label=&#8221;Cabecera \/ Logotipo&#8221; _builder_version=&#8221;4.16&#8243; background_color=&#8221;rgba(255, 255, 255, 0)&#8221; background_image=&#8221;https:\/\/i-bau.es\/wp-content\/uploads\/2016\/09\/cabecera03.jpg&#8221; custom_css_logo=&#8221;max-width:40%;&#8221; button_one_letter_spacing_hover=&#8221;0&#8243; button_two_letter_spacing_hover=&#8221;0&#8243; background_url=&#8221;https:\/\/i-bau.es\/wp-content\/uploads\/2016\/09\/cabecera03.jpg&#8221; global_colors_info=&#8221;{}&#8221; button_one_text_size__hover_enabled=&#8221;off&#8221; button_two_text_size__hover_enabled=&#8221;off&#8221; button_one_text_color__hover_enabled=&#8221;off&#8221; button_two_text_color__hover_enabled=&#8221;off&#8221; button_one_border_width__hover_enabled=&#8221;off&#8221; button_two_border_width__hover_enabled=&#8221;off&#8221; button_one_border_color__hover_enabled=&#8221;off&#8221; button_two_border_color__hover_enabled=&#8221;off&#8221; button_one_border_radius__hover_enabled=&#8221;off&#8221; button_two_border_radius__hover_enabled=&#8221;off&#8221; button_one_letter_spacing__hover_enabled=&#8221;on&#8221; button_one_letter_spacing__hover=&#8221;0&#8243; button_two_letter_spacing__hover_enabled=&#8221;on&#8221; button_two_letter_spacing__hover=&#8221;0&#8243; button_one_bg_color__hover_enabled=&#8221;off&#8221; button_two_bg_color__hover_enabled=&#8221;off&#8221;][\/et_pb_fullwidth_header][\/et_pb_section][et_pb_section fb_built=&#8221;1&#8243; custom_padding_last_edited=&#8221;on|desktop&#8221; admin_label=&#8221;Secci\u00f3n&#8221; _builder_version=&#8221;4.16&#8243; custom_padding_tablet=&#8221;50px|0|50px|0&#8243; custom_padding_phone=&#8221;50px|0|50px|0&#8243; transparent_background=&#8221;off&#8221; padding_mobile=&#8221;off&#8221; make_fullwidth=&#8221;off&#8221; use_custom_width=&#8221;off&#8221; width_unit=&#8221;off&#8221; custom_width_px=&#8221;1080px&#8221; custom_width_percent=&#8221;80%&#8221; global_colors_info=&#8221;{}&#8221;][et_pb_row _builder_version=&#8221;4.27.5&#8243; _module_preset=&#8221;default&#8221; global_colors_info=&#8221;{}&#8221;][et_pb_column type=&#8221;4_4&#8243; _builder_version=&#8221;4.27.5&#8243; _module_preset=&#8221;default&#8221; global_colors_info=&#8221;{}&#8221;][et_pb_text _builder_version=&#8221;4.27.5&#8243; _module_preset=&#8221;default&#8221; global_colors_info=&#8221;{}&#8221;]<\/p>\n<p style=\"text-align: left; font-size: 20px;\"><strong>news<\/strong><\/p>\n<p>[\/et_pb_text][et_pb_text admin_label=&#8221;News&#8221; module_class=&#8221;noticias&#8221; _builder_version=&#8221;4.27.5&#8243; background_size=&#8221;initial&#8221; background_position=&#8221;top_left&#8221; background_repeat=&#8221;repeat&#8221; hover_enabled=&#8221;0&#8243; use_border_color=&#8221;off&#8221; border_color=&#8221;#ffffff&#8221; border_style=&#8221;solid&#8221; global_colors_info=&#8221;{}&#8221; sticky_enabled=&#8221;0&#8243;]<\/p>\n<p><span style=\"color: #7e8081;\"><span class=\"monospace\">nov 2025<\/span>&nbsp;<\/span><span class=\"text\"><span style=\"color: #7e8081;\">Our CEO, Javier Armbruster, moderated the MATERIALES panel at the<\/span>&nbsp;<\/span><a href=\"https:\/\/www.linkedin.com\/feed\/update\/urn:li:activity:7402666886976540672\" target=\"_blank\">Jornada de Construcci\u00f3n Sostenible y Eficiente<\/a>&nbsp;<span style=\"color: #7e8081;\">organised by AHK Spanien<\/span><\/p>\n<p><span style=\"color: #7e8081;\"><span class=\"monospace\">nov 2025<\/span>&nbsp;<\/span><span class=\"text\"><span style=\"color: #7e8081;\">WIRES Design Cycle in collaboration with i-bau architects:<\/span>&nbsp;<\/span><a href=\"https:\/\/www.linkedin.com\/posts\/wirespain_wires-womeninrealestatespain-diseaeho-activity-7398668605124542466-T5Xh?utm_source=share&#038;utm_medium=member_desktop&#038;rcm=ACoAAAQKwuQB6ZAvfqv1up_gfK70NXrpqDFTVU4\" target=\"_blank\">Hacia un residencial premium con huella de carbono cero<\/a>&nbsp;<\/span><\/p>\n<p><span style=\"color: #7e8081;\"><span class=\"monospace\">oct 2025<\/span>&nbsp;<\/span><span class=\"text\"><span style=\"color: #7e8081;\">We are speakers at<\/span>&nbsp;<\/span><a href=\"https:\/\/www.instagram.com\/p\/DQEHc4uDHRr\/?utm_source=ig_web_copy_link&#038;igsh=MzRlODBiNWFlZA==\" target=\"_blank\">Arquitectura Residencial Madrid \u2013 Tendencias y proyectos futuros<\/a>&nbsp;<span style=\"color: #7e8081;\"> in Madrid<\/span><\/p>\n<p><span style=\"color: #7e8081;\"><span class=\"monospace\">oct 2025<\/span>&nbsp;<\/span><span class=\"text\"><span style=\"color: #7e8081;\">From 6 to 8 October we will be part of<\/span>&nbsp;<\/span><a href=\"https:\/\/exporeal.net\/en\/\" target=\"_blank\">EXPO REAL,<\/a>&nbsp;<span style=\"color: #7e8081;\">the International Trade Fair for Property and Investment in Munich<\/span><\/p>\n<p><span style=\"color: #7e8081;\"><span class=\"monospace\">jul 2025<\/span>&nbsp;<\/span><span class=\"text\"><span style=\"color: #7e8081;\">As members of \u201cWe attended the <a href=\"https:\/\/youtu.be\/rZVbyirbLus\" target=\"_blank\">Foro Contract Madrid de Arquitectura y Empresa<\/a> in Aranjuez as a guest studio <\/span><\/span><\/p>\n<p><span style=\"color: #7e8081;\"><span class=\"monospace\">jun 2025<\/span>&nbsp;<\/span><span class=\"text\"><span style=\"color: #7e8081;\">We attended the <a href=\"https:\/\/www.linkedin.com\/feed\/update\/urn:li:activity:7344105942180884480\" target=\"_blank\">MIX&amp;MAT Residential Architecture<\/a> at MAT COAM as a guest studio<\/span><\/span><\/p>\n<p><span style=\"color: #7e8081;\"><span class=\"monospace\">ene 2025<\/span>&nbsp;<\/span><span class=\"text\"><span style=\"color: #7e8081;\">As members of \u201cAmigos del Goethe-Institut\u201d, we support the screening and roundtable of <a href=\"https:\/\/youtu.be\/GThp0fRS56A?si=tf-lQRzdXk0kOzG\" target=\"_blank\">[On set with] Lilly Reich<\/a> by filmmaker and architect Avelina Prat<\/span><\/span><\/p>\n<p>[\/et_pb_text][\/et_pb_column][\/et_pb_row][\/et_pb_section]<\/p>\n","protected":false},"excerpt":{"rendered":"<p>newsnov 2025&nbsp;Our CEO, Javier Armbruster, moderated the MATERIALES panel at the&nbsp;Jornada de Construcci\u00f3n Sostenible y Eficiente&nbsp;organised by AHK Spanien nov 2025&nbsp;WIRES Design Cycle in collaboration with i-bau architects:&nbsp;Hacia un residencial premium con huella de carbono cero&nbsp; oct 2025&nbsp;We are speakers at&nbsp;Arquitectura Residencial Madrid \u2013 Tendencias y proyectos futuros&nbsp; in Madrid oct 2025&nbsp;From 6 to 8 [&hellip;]<\/p>\n","protected":false},"author":4,"featured_media":0,"parent":0,"menu_order":9,"comment_status":"closed","ping_status":"closed","template":"","meta":{"_et_pb_use_builder":"on","_et_pb_old_content":"[et_pb_section admin_label=\"Secci\u00f3n\" transparent_background=\"off\" allow_player_pause=\"off\" inner_shadow=\"off\" parallax=\"off\" parallax_method=\"off\" padding_mobile=\"off\" make_fullwidth=\"off\" use_custom_width=\"off\" width_unit=\"on\" custom_width_px=\"1080px\" custom_width_percent=\"80%\" make_equal=\"off\" use_custom_gutter=\"off\" fullwidth=\"on\" specialty=\"off\" module_class=\"cabecera\" disabled=\"off\"][et_pb_fullwidth_header admin_label=\"Cabecera \/ Logotipo\" background_layout=\"dark\" text_orientation=\"left\" header_fullscreen=\"off\" header_scroll_down=\"off\" scroll_down_icon=\"%%3%%\" background_url=\"https:\/\/i-bau.es\/wp-content\/uploads\/2016\/09\/cabecera03.jpg\" parallax=\"off\" parallax_method=\"off\" logo_image_url=\"https:\/\/i-bau.es\/wp-content\/uploads\/2016\/09\/logotipo.png\" logo_alt_text=\"i-bau arquitectos\" content_orientation=\"center\" image_orientation=\"bottom\" title_font_size=\"30px\" content_font_size=\"14px\" custom_button_one=\"off\" button_one_text_size=\"20\" button_one_letter_spacing=\"0\" button_one_use_icon=\"default\" button_one_icon_placement=\"right\" button_one_on_hover=\"on\" button_one_letter_spacing_hover=\"0\" custom_button_two=\"off\" button_two_text_size=\"20\" button_two_letter_spacing=\"0\" button_two_use_icon=\"default\" button_two_icon_placement=\"right\" button_two_on_hover=\"on\" button_two_letter_spacing_hover=\"0\" custom_css_logo=\"max-width:40%;\" disabled=\"off\"]\r\n\r\n[\/et_pb_fullwidth_header][\/et_pb_section][et_pb_section admin_label=\"Secci\u00f3n\" transparent_background=\"off\" allow_player_pause=\"off\" inner_shadow=\"off\" parallax=\"off\" parallax_method=\"on\" padding_mobile=\"off\" make_fullwidth=\"off\" use_custom_width=\"off\" width_unit=\"off\" custom_width_px=\"1080px\" custom_width_percent=\"80%\" make_equal=\"off\" use_custom_gutter=\"off\" fullwidth=\"off\" specialty=\"off\" disabled=\"off\"][et_pb_row admin_label=\"Fila\" make_fullwidth=\"off\" use_custom_width=\"off\" width_unit=\"on\" custom_width_px=\"1080px\" custom_width_percent=\"80%\" use_custom_gutter=\"off\" gutter_width=\"3\" padding_mobile=\"off\" custom_margin=\"||0px|\" allow_player_pause=\"off\" parallax=\"off\" parallax_method=\"off\" make_equal=\"off\" column_padding_mobile=\"on\" parallax_1=\"off\" parallax_method_1=\"off\" parallax_2=\"off\" parallax_method_2=\"on\" parallax_3=\"off\" parallax_method_3=\"on\" parallax_4=\"off\" parallax_method_4=\"on\" disabled=\"off\"][et_pb_column type=\"4_4\"][et_pb_text admin_label=\"Texto\" background_layout=\"light\" text_orientation=\"center\" use_border_color=\"off\" border_style=\"solid\" disabled=\"off\" border_color=\"#ffffff\"]\r\n\r\n<strong>CONTACTO<\/strong>\r\n\r\n[\/et_pb_text][\/et_pb_column][\/et_pb_row][et_pb_row admin_label=\"Fila\" make_fullwidth=\"off\" use_custom_width=\"off\" width_unit=\"on\" custom_width_px=\"1080px\" custom_width_percent=\"80%\" use_custom_gutter=\"off\" gutter_width=\"3\" padding_mobile=\"off\" custom_margin=\"||0px|\" allow_player_pause=\"off\" parallax=\"off\" parallax_method=\"off\" make_equal=\"off\" column_padding_mobile=\"on\" parallax_1=\"off\" parallax_method_1=\"off\" parallax_2=\"off\" parallax_method_2=\"on\" parallax_3=\"off\" parallax_method_3=\"on\" parallax_4=\"off\" parallax_method_4=\"on\" disabled=\"off\"][et_pb_column type=\"4_4\"][et_pb_text admin_label=\"Texto\" background_layout=\"light\" text_orientation=\"center\" use_border_color=\"off\" border_color=\"#ffffff\" border_style=\"solid\"]\r\n\r\n<span lang=\"en-US\">Estamos constantemente buscando arquitectos de habla alemana\u00a0para nuestras sedes de Madrid\u00a0y\u00a0Mallorca.<\/span>\r\n\r\n<span lang=\"en-US\"> Si quieres trabajar con nosotros env\u00edanos tu Curr\u00edculum Gr\u00e1fico a <\/span><span style=\"text-decoration: underline;\"><a style=\"color: #5ebbd4;\" href=\"mailto:jobs@i-bau.es\"><span lang=\"en-US\">jobs@i-bau.es<\/span><\/a><\/span>\r\n\r\n[\/et_pb_text][\/et_pb_column][\/et_pb_row][et_pb_row admin_label=\"Fila\" make_fullwidth=\"on\" use_custom_width=\"off\" width_unit=\"on\" use_custom_gutter=\"off\" padding_mobile=\"off\" allow_player_pause=\"off\" parallax=\"off\" parallax_method=\"off\" make_equal=\"off\" parallax_1=\"off\" parallax_method_1=\"off\" parallax_2=\"off\" parallax_method_2=\"off\" parallax_3=\"off\" parallax_method_3=\"off\" parallax_4=\"off\" parallax_method_4=\"off\" column_padding_mobile=\"on\" padding_top_2=\"200px\" padding_top_4=\"200px\"][et_pb_column type=\"1_3\"][et_pb_text admin_label=\"Texto\" background_layout=\"light\" text_orientation=\"center\" use_border_color=\"off\" border_style=\"solid\" disabled=\"off\" border_color=\"#ffffff\"]\r\n\r\n<span style=\"color: #5ebbd4;\">ESTUDIO MADRID<\/span>\r\n\r\n[\/et_pb_text][et_pb_image admin_label=\"Imagen\" src=\"https:\/\/i-bau.es\/wp-content\/uploads\/2021\/08\/CONTACTO_1920pxr_new.jpg\" show_in_lightbox=\"off\" url=\"https:\/\/www.google.es\/maps\/place\/I-BAU+ARQUITECTOS\/@40.4299991,-3.669739,17z\/data=!3m1!4b1!4m5!3m4!1s0xd4228b6a7b56529:0x7ff6366f3b20bcb5!8m2!3d40.429995!4d-3.667545\" url_new_window=\"on\" use_overlay=\"off\" animation=\"fade_in\" sticky=\"off\" align=\"center\" force_fullwidth=\"on\" always_center_on_mobile=\"on\" use_border_color=\"off\" border_color=\"#ffffff\" border_width=\"1px\" border_style=\"solid\" disabled=\"off\"]\r\n\r\n[\/et_pb_image][\/et_pb_column][et_pb_column type=\"1_6\"][et_pb_text admin_label=\"Texto\" background_layout=\"light\" text_orientation=\"center\" use_border_color=\"on\" border_style=\"solid\" disabled=\"off\" border_color=\"#ffffff\"]\r\n\r\nAv. de los Toreros 26, 1C\r\n28028 Madrid\r\n\r\n<a style=\"color: #5ebbd4; text-decoration: underline;\" href=\"https:\/\/www.google.es\/maps\/place\/I-BAU+ARQUITECTOS\/@40.4299991,-3.669739,17z\/data=!3m1!4b1!4m5!3m4!1s0xd4228b6a7b56529:0x7ff6366f3b20bcb5!8m2!3d40.429995!4d-3.667545\" target=\"_blank\" rel=\"noopener\">Ver en Google Maps<\/a>\r\n\r\nTel: <a style=\"color: #505050; text-decoration: none;\" href=\"tel:+34917256790\">00 34 917 256 790<\/a>\r\n<a style=\"color: #505050; text-decoration: none;\" href=\"mailto:info@i-bau.es\">info@i-bau.es<\/a>\r\n\r\n[\/et_pb_text][\/et_pb_column][et_pb_column type=\"1_3\"][et_pb_text admin_label=\"Texto\" background_layout=\"light\" text_orientation=\"center\" use_border_color=\"off\" border_style=\"solid\" disabled=\"off\" border_color=\"#ffffff\"]\r\n\r\n<span style=\"color: #5ebbd4;\">ESTUDIO MALLORCA<\/span>\r\n\r\n[\/et_pb_text][et_pb_image admin_label=\"Imagen\" src=\"https:\/\/i-bau.es\/wp-content\/uploads\/2016\/09\/CONTACTO_1920-balearespxr.jpg\" show_in_lightbox=\"off\" url=\"https:\/\/www.google.com\/maps\/place\/I-BAU+ARQUITECTOS\/@39.5267202,2.5040687,17z\/data=!3m1!4b1!4m5!3m4!1s0x0:0xa26cbe5036ec1730!8m2!3d39.5267202!4d2.5062574\" url_new_window=\"on\" use_overlay=\"off\" animation=\"fade_in\" sticky=\"off\" align=\"left\" force_fullwidth=\"off\" always_center_on_mobile=\"on\" use_border_color=\"off\" border_color=\"#ffffff\" border_width=\"1px\" border_style=\"solid\" disabled=\"off\"]\r\n\r\n[\/et_pb_image][\/et_pb_column][et_pb_column type=\"1_6\"][et_pb_text admin_label=\"Texto\" background_layout=\"light\" text_orientation=\"left\" use_border_color=\"off\" border_style=\"solid\" disabled=\"off\" border_color=\"#ffffff\"]\r\n<p style=\"text-align: center;\">C. Illes Can\u00e0ries 18 \u2013 The Circle\r\n07183 Santa Ponsa \u2013 Calvi\u00e0 (Mallorca)<\/p>\r\n<p style=\"text-align: center;\"><a style=\"color: #5ebbd4; text-decoration: underline;\" href=\"https:\/\/www.google.com\/maps\/place\/I-BAU+ARQUITECTOS\/@39.5267202,2.5040687,17z\/data=!3m1!4b1!4m5!3m4!1s0x0:0xa26cbe5036ec1730!8m2!3d39.5267202!4d2.5062574\" target=\"_blank\" rel=\"noopener\">Ver en Google Maps<\/a><\/p>\r\n<p style=\"text-align: center;\">Tel: <a style=\"color: #505050; text-decoration: none;\" href=\"tel:+34971227475\">00 34 871 620 056<\/a>\r\n<a style=\"color: #505050; text-decoration: none;\" href=\"mailto:info@i-bau.es\">info@i-bau.es<\/a><\/p>\r\n[\/et_pb_text][\/et_pb_column][\/et_pb_row][et_pb_row admin_label=\"Fila\" make_fullwidth=\"on\" use_custom_width=\"off\" width_unit=\"on\" use_custom_gutter=\"off\" padding_mobile=\"off\" allow_player_pause=\"off\" parallax=\"off\" parallax_method=\"off\" make_equal=\"off\" parallax_1=\"off\" parallax_method_1=\"off\" parallax_2=\"off\" parallax_method_2=\"off\" parallax_3=\"off\" parallax_method_3=\"off\" parallax_4=\"off\" parallax_method_4=\"off\" column_padding_mobile=\"on\"][et_pb_column type=\"1_6\"][\/et_pb_column][et_pb_column type=\"1_3\"][\/et_pb_column][et_pb_column type=\"1_6\"][\/et_pb_column][et_pb_column type=\"1_3\"][\/et_pb_column][\/et_pb_row][\/et_pb_section]","_et_gb_content_width":"","footnotes":""},"class_list":["post-4063","page","type-page","status-publish","hentry"],"yoast_head":"<!-- This site is optimized with the Yoast SEO plugin v26.9 - https:\/\/yoast.com\/product\/yoast-seo-wordpress\/ -->\n<title>NEWS - i-bau Architects<\/title>\n<meta name=\"robots\" content=\"index, follow, max-snippet:-1, max-image-preview:large, max-video-preview:-1\" \/>\n<link rel=\"canonical\" href=\"https:\/\/i-bau.es\/english\/news\/\" \/>\n<meta property=\"og:locale\" content=\"en_GB\" \/>\n<meta property=\"og:type\" content=\"article\" \/>\n<meta property=\"og:title\" content=\"NEWS - i-bau Architects\" \/>\n<meta property=\"og:description\" content=\"newsnov 2025&nbsp;Our CEO, Javier Armbruster, moderated the MATERIALES panel at the&nbsp;Jornada de Construcci\u00f3n Sostenible y Eficiente&nbsp;organised by AHK Spanien nov 2025&nbsp;WIRES Design Cycle in collaboration with i-bau architects:&nbsp;Hacia un residencial premium con huella de carbono cero&nbsp; oct 2025&nbsp;We are speakers at&nbsp;Arquitectura Residencial Madrid \u2013 Tendencias y proyectos futuros&nbsp; in Madrid oct 2025&nbsp;From 6 to 8 [&hellip;]\" \/>\n<meta property=\"og:url\" content=\"https:\/\/i-bau.es\/english\/news\/\" \/>\n<meta property=\"og:site_name\" content=\"i-bau Architects\" \/>\n<meta property=\"article:modified_time\" content=\"2026-04-23T13:14:53+00:00\" \/>\n<meta name=\"twitter:card\" content=\"summary_large_image\" \/>\n<meta name=\"twitter:label1\" content=\"Estimated reading time\" \/>\n\t<meta name=\"twitter:data1\" content=\"1 minute\" \/>\n<script type=\"application\/ld+json\" class=\"yoast-schema-graph\">{\"@context\":\"https:\/\/schema.org\",\"@graph\":[{\"@type\":\"WebPage\",\"@id\":\"https:\/\/i-bau.es\/english\/news\/\",\"url\":\"https:\/\/i-bau.es\/english\/news\/\",\"name\":\"NEWS - i-bau Architects\",\"isPartOf\":{\"@id\":\"https:\/\/i-bau.es\/english\/#website\"},\"datePublished\":\"2026-02-20T17:00:29+00:00\",\"dateModified\":\"2026-04-23T13:14:53+00:00\",\"breadcrumb\":{\"@id\":\"https:\/\/i-bau.es\/english\/news\/#breadcrumb\"},\"inLanguage\":\"en-GB\",\"potentialAction\":[{\"@type\":\"ReadAction\",\"target\":[\"https:\/\/i-bau.es\/english\/news\/\"]}]},{\"@type\":\"BreadcrumbList\",\"@id\":\"https:\/\/i-bau.es\/english\/news\/#breadcrumb\",\"itemListElement\":[{\"@type\":\"ListItem\",\"position\":1,\"name\":\"Portada\",\"item\":\"https:\/\/i-bau.es\/english\/\"},{\"@type\":\"ListItem\",\"position\":2,\"name\":\"NEWS\"}]},{\"@type\":\"WebSite\",\"@id\":\"https:\/\/i-bau.es\/english\/#website\",\"url\":\"https:\/\/i-bau.es\/english\/\",\"name\":\"i-bau Architects\",\"description\":\"German-Spanish Architecture Studio in Madrid and Mallorca.\",\"potentialAction\":[{\"@type\":\"SearchAction\",\"target\":{\"@type\":\"EntryPoint\",\"urlTemplate\":\"https:\/\/i-bau.es\/english\/?s={search_term_string}\"},\"query-input\":{\"@type\":\"PropertyValueSpecification\",\"valueRequired\":true,\"valueName\":\"search_term_string\"}}],\"inLanguage\":\"en-GB\"}]}<\/script>\n<!-- \/ Yoast SEO plugin. -->","yoast_head_json":{"title":"NEWS - i-bau Architects","robots":{"index":"index","follow":"follow","max-snippet":"max-snippet:-1","max-image-preview":"max-image-preview:large","max-video-preview":"max-video-preview:-1"},"canonical":"https:\/\/i-bau.es\/english\/news\/","og_locale":"en_GB","og_type":"article","og_title":"NEWS - i-bau Architects","og_description":"newsnov 2025&nbsp;Our CEO, Javier Armbruster, moderated the MATERIALES panel at the&nbsp;Jornada de Construcci\u00f3n Sostenible y Eficiente&nbsp;organised by AHK Spanien nov 2025&nbsp;WIRES Design Cycle in collaboration with i-bau architects:&nbsp;Hacia un residencial premium con huella de carbono cero&nbsp; oct 2025&nbsp;We are speakers at&nbsp;Arquitectura Residencial Madrid \u2013 Tendencias y proyectos futuros&nbsp; in Madrid oct 2025&nbsp;From 6 to 8 [&hellip;]","og_url":"https:\/\/i-bau.es\/english\/news\/","og_site_name":"i-bau Architects","article_modified_time":"2026-04-23T13:14:53+00:00","twitter_card":"summary_large_image","twitter_misc":{"Estimated reading time":"1 minute"},"schema":{"@context":"https:\/\/schema.org","@graph":[{"@type":"WebPage","@id":"https:\/\/i-bau.es\/english\/news\/","url":"https:\/\/i-bau.es\/english\/news\/","name":"NEWS - i-bau Architects","isPartOf":{"@id":"https:\/\/i-bau.es\/english\/#website"},"datePublished":"2026-02-20T17:00:29+00:00","dateModified":"2026-04-23T13:14:53+00:00","breadcrumb":{"@id":"https:\/\/i-bau.es\/english\/news\/#breadcrumb"},"inLanguage":"en-GB","potentialAction":[{"@type":"ReadAction","target":["https:\/\/i-bau.es\/english\/news\/"]}]},{"@type":"BreadcrumbList","@id":"https:\/\/i-bau.es\/english\/news\/#breadcrumb","itemListElement":[{"@type":"ListItem","position":1,"name":"Portada","item":"https:\/\/i-bau.es\/english\/"},{"@type":"ListItem","position":2,"name":"NEWS"}]},{"@type":"WebSite","@id":"https:\/\/i-bau.es\/english\/#website","url":"https:\/\/i-bau.es\/english\/","name":"i-bau Architects","description":"German-Spanish Architecture Studio in Madrid and Mallorca.","potentialAction":[{"@type":"SearchAction","target":{"@type":"EntryPoint","urlTemplate":"https:\/\/i-bau.es\/english\/?s={search_term_string}"},"query-input":{"@type":"PropertyValueSpecification","valueRequired":true,"valueName":"search_term_string"}}],"inLanguage":"en-GB"}]}},"_links":{"self":[{"href":"https:\/\/i-bau.es\/english\/wp-json\/wp\/v2\/pages\/4063","targetHints":{"allow":["GET"]}}],"collection":[{"href":"https:\/\/i-bau.es\/english\/wp-json\/wp\/v2\/pages"}],"about":[{"href":"https:\/\/i-bau.es\/english\/wp-json\/wp\/v2\/types\/page"}],"author":[{"embeddable":true,"href":"https:\/\/i-bau.es\/english\/wp-json\/wp\/v2\/users\/4"}],"replies":[{"embeddable":true,"href":"https:\/\/i-bau.es\/english\/wp-json\/wp\/v2\/comments?post=4063"}],"version-history":[{"count":3,"href":"https:\/\/i-bau.es\/english\/wp-json\/wp\/v2\/pages\/4063\/revisions"}],"predecessor-version":[{"id":4069,"href":"https:\/\/i-bau.es\/english\/wp-json\/wp\/v2\/pages\/4063\/revisions\/4069"}],"wp:attachment":[{"href":"https:\/\/i-bau.es\/english\/wp-json\/wp\/v2\/media?parent=4063"}],"curies":[{"name":"wp","href":"https:\/\/api.w.org\/{rel}","templated":true}]}}